{"id":4047,"date":"2026-06-19T11:29:19","date_gmt":"2026-06-19T09:29:19","guid":{"rendered":"https:\/\/envoltaglobal.com\/noticias-2\/"},"modified":"2026-08-11T13:50:31","modified_gmt":"2026-08-11T11:50:31","slug":"noticias-2","status":"publish","type":"page","link":"https:\/\/envoltaglobal.com\/es\/noticias-2\/","title":{"rendered":"Noticias"},"content":{"rendered":"\t\t<div data-elementor-type=\"wp-page\" data-elementor-id=\"4047\" class=\"elementor elementor-4047 elementor-3161\" data-elementor-post-type=\"page\">\n\t\t\t\t<div class=\"elementor-element elementor-element-78e8591 e-flex e-con-boxed e-con e-parent\" data-id=\"78e8591\" data-element_type=\"container\" data-e-type=\"container\" data-settings=\"{&quot;background_background&quot;:&quot;classic&quot;}\">\n\t\t\t\t\t<div class=\"e-con-inner\">\n\t\t\t\t<div class=\"elementor-element elementor-element-0761b66 elementor-widget__width-initial elementor-widget elementor-widget-heading\" data-id=\"0761b66\" data-element_type=\"widget\" data-e-type=\"widget\" data-widget_type=\"heading.default\">\n\t\t\t\t<div class=\"elementor-widget-container\">\n\t\t\t\t\t<h1 class=\"elementor-heading-title elementor-size-default\">Noticias<\/h1>\t\t\t\t<\/div>\n\t\t\t\t<\/div>\n\t\t\t\t\t<\/div>\n\t\t\t\t<\/div>\n\t\t<div class=\"elementor-element elementor-element-1539071 e-flex e-con-boxed e-con e-parent\" data-id=\"1539071\" data-element_type=\"container\" data-e-type=\"container\">\n\t\t\t\t\t<div class=\"e-con-inner\">\n\t\t\t\t<div class=\"elementor-element elementor-element-db1a8c7 elementor-widget elementor-widget-taxonomy-filter\" data-id=\"db1a8c7\" data-element_type=\"widget\" data-e-type=\"widget\" data-settings=\"{&quot;selected_element&quot;:&quot;a3b97aa&quot;,&quot;taxonomy&quot;:&quot;category&quot;,&quot;multiple_selection&quot;:&quot;no&quot;,&quot;horizontal_scroll&quot;:&quot;disable&quot;}\" data-widget_type=\"taxonomy-filter.default\">\n\t\t\t\t<div class=\"elementor-widget-container\">\n\t\t\t\t\t\t\t<search class=\"e-filter\" role=\"search\" data-base-url=\"https:\/\/envoltaglobal.com\/es\/\" data-page-num=\"1\">\n\t\t\t\t\t\t\t<button class=\"e-filter-item\" data-filter=\"construccion\" aria-pressed=\"false\">Construcci\u00f3n<\/button>\n\t\t\t\t\t\t\t<button class=\"e-filter-item\" data-filter=\"consultoria\" aria-pressed=\"false\">Consultor\u00eda<\/button>\n\t\t\t\t\t\t\t<button class=\"e-filter-item\" data-filter=\"energia\" aria-pressed=\"false\">Energ\u00eda<\/button>\n\t\t\t\n\t\t\t\t\t\t\t\t\t<button class=\"e-filter-item\" data-filter=\"__all\" aria-pressed=\"true\">\n\t\t\t\tTodos\t\t\t<\/button>\n\t\t\t\t\t<\/search>\n\t\t\t\t\t\t<\/div>\n\t\t\t\t<\/div>\n\t\t\t\t<div class=\"elementor-element elementor-element-a3b97aa elementor-grid-3 elementor-grid-tablet-2 elementor-grid-mobile-1 elementor-widget elementor-widget-loop-grid\" data-id=\"a3b97aa\" data-element_type=\"widget\" data-e-type=\"widget\" data-settings=\"{&quot;template_id&quot;:2387,&quot;pagination_type&quot;:&quot;prev_next&quot;,&quot;pagination_load_type&quot;:&quot;ajax&quot;,&quot;_skin&quot;:&quot;post&quot;,&quot;columns&quot;:&quot;3&quot;,&quot;columns_tablet&quot;:&quot;2&quot;,&quot;columns_mobile&quot;:&quot;1&quot;,&quot;edit_handle_selector&quot;:&quot;[data-elementor-type=\\&quot;loop-item\\&quot;]&quot;,&quot;row_gap&quot;:{&quot;unit&quot;:&quot;px&quot;,&quot;size&quot;:&quot;&quot;,&quot;sizes&quot;:[]},&quot;row_gap_tablet&quot;:{&quot;unit&quot;:&quot;px&quot;,&quot;size&quot;:&quot;&quot;,&quot;sizes&quot;:[]},&quot;row_gap_mobile&quot;:{&quot;unit&quot;:&quot;px&quot;,&quot;size&quot;:&quot;&quot;,&quot;sizes&quot;:[]}}\" data-widget_type=\"loop-grid.post\">\n\t\t\t\t<div class=\"elementor-widget-container\">\n\t\t\t\t\t\t\t<div class=\"elementor-loop-container elementor-grid\" role=\"list\">\n\t\t<style id=\"loop-dynamic-2387\">.e-loop-item-4088 .elementor-element.elementor-element-a7bfbdf:not(.elementor-motion-effects-element-type-background), .e-loop-item-4088 .elementor-element.elementor-element-a7bfbdf > .elementor-motion-effects-container > .elementor-motion-effects-layer{background-image:url(\"https:\/\/envoltaglobal.com\/wp-content\/uploads\/2026\/06\/Hotels-bipillow-e1690547374332.png\");}<\/style><style id=\"loop-2387\">.elementor-2387 .elementor-element.elementor-element-9499b3b{--display:flex;--flex-direction:column;--container-widget-width:100%;--container-widget-height:initial;--container-widget-flex-grow:0;--container-widget-align-self:initial;--flex-wrap-mobile:wrap;--padding-top:0px;--padding-bottom:0px;--padding-left:0px;--padding-right:0px;}.elementor-2387 .elementor-element.elementor-element-a7bfbdf{--display:flex;--padding-top:0px;--padding-bottom:0px;--padding-left:0px;--padding-right:0px;}.elementor-2387 .elementor-element.elementor-element-a7bfbdf:not(.elementor-motion-effects-element-type-background), .elementor-2387 .elementor-element.elementor-element-a7bfbdf > .elementor-motion-effects-container > .elementor-motion-effects-layer{background-position:center center;background-repeat:no-repeat;background-size:cover;}.elementor-2387 .elementor-element.elementor-element-a862a26{--spacer-size:260px;}.elementor-2387 .elementor-element.elementor-element-ab6c86a{--display:flex;--flex-direction:row;--container-widget-width:initial;--container-widget-height:100%;--container-widget-flex-grow:1;--container-widget-align-self:stretch;--flex-wrap-mobile:wrap;--justify-content:space-between;--gap:0px 0px;--row-gap:0px;--column-gap:0px;--padding-top:0px;--padding-bottom:0px;--padding-left:0px;--padding-right:0px;}.elementor-2387 .elementor-element.elementor-element-45046c2 .elementor-heading-title{font-family:var( --e-global-typography-7564934-font-family ), Sans-serif;font-size:var( --e-global-typography-7564934-font-size );font-weight:var( --e-global-typography-7564934-font-weight );line-height:var( --e-global-typography-7564934-line-height );letter-spacing:var( --e-global-typography-7564934-letter-spacing );word-spacing:var( --e-global-typography-7564934-word-spacing );}.elementor-2387 .elementor-element.elementor-element-45046c2{width:var( --container-widget-width, 90% );max-width:90%;--container-widget-width:90%;--container-widget-flex-grow:0;}.elementor-2387 .elementor-element.elementor-element-67467cb .elementor-icon-wrapper{text-align:end;}.elementor-2387 .elementor-element.elementor-element-67467cb .elementor-icon{font-size:15px;}.elementor-2387 .elementor-element.elementor-element-67467cb .elementor-icon svg{height:15px;}.elementor-2387 .elementor-element.elementor-element-67467cb{width:var( --container-widget-width, 10% );max-width:10%;--container-widget-width:10%;--container-widget-flex-grow:0;}.elementor-2387 .elementor-element.elementor-element-67467cb.elementor-element{--align-self:flex-start;}.elementor-2387 .elementor-element.elementor-element-45f31ab{--display:flex;--flex-direction:column;--container-widget-width:100%;--container-widget-height:initial;--container-widget-flex-grow:0;--container-widget-align-self:initial;--flex-wrap-mobile:wrap;--justify-content:space-between;--padding-top:0px;--padding-bottom:0px;--padding-left:0px;--padding-right:0px;}.elementor-2387 .elementor-element.elementor-element-1ff5c59 .elementor-heading-title{font-family:var( --e-global-typography-a48b45f-font-family ), Sans-serif;font-size:var( --e-global-typography-a48b45f-font-size );font-weight:var( --e-global-typography-a48b45f-font-weight );font-style:var( --e-global-typography-a48b45f-font-style );line-height:var( --e-global-typography-a48b45f-line-height );letter-spacing:var( --e-global-typography-a48b45f-letter-spacing );word-spacing:var( --e-global-typography-a48b45f-word-spacing );}@media(max-width:1024px){.elementor-2387 .elementor-element.elementor-element-45046c2 .elementor-heading-title{font-size:var( --e-global-typography-7564934-font-size );line-height:var( --e-global-typography-7564934-line-height );letter-spacing:var( --e-global-typography-7564934-letter-spacing );word-spacing:var( --e-global-typography-7564934-word-spacing );}.elementor-2387 .elementor-element.elementor-element-1ff5c59 .elementor-heading-title{font-size:var( --e-global-typography-a48b45f-font-size );line-height:var( --e-global-typography-a48b45f-line-height );letter-spacing:var( --e-global-typography-a48b45f-letter-spacing );word-spacing:var( --e-global-typography-a48b45f-word-spacing );}}@media(max-width:767px){.elementor-2387 .elementor-element.elementor-element-45046c2 .elementor-heading-title{font-size:var( --e-global-typography-7564934-font-size );line-height:var( --e-global-typography-7564934-line-height );letter-spacing:var( --e-global-typography-7564934-letter-spacing );word-spacing:var( --e-global-typography-7564934-word-spacing );}.elementor-2387 .elementor-element.elementor-element-1ff5c59 .elementor-heading-title{font-size:var( --e-global-typography-a48b45f-font-size );line-height:var( --e-global-typography-a48b45f-line-height );letter-spacing:var( --e-global-typography-a48b45f-letter-spacing );word-spacing:var( --e-global-typography-a48b45f-word-spacing );}}<\/style>\t\t<div data-elementor-type=\"loop-item\" data-elementor-id=\"2387\" class=\"elementor elementor-2387 elementor-1411 elementor-1411 e-loop-item e-loop-item-4088 post-4088 post type-post status-publish format-standard has-post-thumbnail hentry category-energia\" data-elementor-post-type=\"elementor_library\" data-custom-edit-handle=\"1\">\n\t\t\t<div class=\"make-column-clickable-elementor elementor-element elementor-element-9499b3b e-flex e-con-boxed e-con e-parent\" style=\"cursor: pointer;\" data-column-clickable=\"https:\/\/envoltaglobal.com\/es\/energia\/innovando-en-el-turismo-sostenible-con-instalaciones-fotovoltaicas\/\" data-column-clickable-blank=\"_self\" data-id=\"9499b3b\" data-element_type=\"container\" data-e-type=\"container\">\n\t\t\t\t\t<div class=\"e-con-inner\">\n\t\t<div class=\"elementor-element elementor-element-a7bfbdf e-con-full e-flex e-con e-child\" data-id=\"a7bfbdf\" data-element_type=\"container\" data-e-type=\"container\" data-settings=\"{&quot;background_background&quot;:&quot;classic&quot;}\">\n\t\t\t\t<div class=\"elementor-element elementor-element-a862a26 elementor-widget elementor-widget-spacer\" data-id=\"a862a26\" data-element_type=\"widget\" data-e-type=\"widget\" data-widget_type=\"spacer.default\">\n\t\t\t\t<div class=\"elementor-widget-container\">\n\t\t\t\t\t\t\t<div class=\"elementor-spacer\">\n\t\t\t<div class=\"elementor-spacer-inner\"><\/div>\n\t\t<\/div>\n\t\t\t\t\t\t<\/div>\n\t\t\t\t<\/div>\n\t\t\t\t<\/div>\n\t\t<div class=\"elementor-element elementor-element-ab6c86a e-con-full e-flex e-con e-child\" data-id=\"ab6c86a\" data-element_type=\"container\" data-e-type=\"container\">\n\t\t\t\t<div class=\"elementor-element elementor-element-45046c2 elementor-widget__width-initial elementor-widget elementor-widget-heading\" data-id=\"45046c2\" data-element_type=\"widget\" data-e-type=\"widget\" data-widget_type=\"heading.default\">\n\t\t\t\t<div class=\"elementor-widget-container\">\n\t\t\t\t\t<h2 class=\"elementor-heading-title elementor-size-default\">Innovando en el turismo sostenible con instalaciones fotovoltaicas<\/h2>\t\t\t\t<\/div>\n\t\t\t\t<\/div>\n\t\t\t\t<div class=\"elementor-element elementor-element-67467cb elementor-widget__width-initial elementor-view-default elementor-widget elementor-widget-icon\" data-id=\"67467cb\" data-element_type=\"widget\" data-e-type=\"widget\" data-widget_type=\"icon.default\">\n\t\t\t\t<div class=\"elementor-widget-container\">\n\t\t\t\t\t\t\t<div class=\"elementor-icon-wrapper\">\n\t\t\t<a class=\"elementor-icon\" href=\"https:\/\/envoltaglobal.com\/es\/energia\/innovando-en-el-turismo-sostenible-con-instalaciones-fotovoltaicas\/\">\n\t\t\t<svg xmlns=\"http:\/\/www.w3.org\/2000\/svg\" width=\"22\" height=\"22\" viewBox=\"0 0 22 22\" fill=\"none\"><path d=\"M2.66927 21.9997L0.335938 19.6663L16.3359 3.66634H2.0026V0.333008H22.0026V20.333H18.6693V5.99967L2.66927 21.9997Z\" fill=\"#1F1F1F\"><\/path><\/svg>\t\t\t<\/a>\n\t\t<\/div>\n\t\t\t\t\t\t<\/div>\n\t\t\t\t<\/div>\n\t\t\t\t<\/div>\n\t\t<div class=\"elementor-element elementor-element-45f31ab e-con-full e-flex e-con e-child\" data-id=\"45f31ab\" data-element_type=\"container\" data-e-type=\"container\">\n\t\t\t\t<div class=\"elementor-element elementor-element-1ff5c59 elementor-widget elementor-widget-heading\" data-id=\"1ff5c59\" data-element_type=\"widget\" data-e-type=\"widget\" data-widget_type=\"heading.default\">\n\t\t\t\t<div class=\"elementor-widget-container\">\n\t\t\t\t\t<h2 class=\"elementor-heading-title elementor-size-default\">9 de junio de 2023<\/h2>\t\t\t\t<\/div>\n\t\t\t\t<\/div>\n\t\t\t\t<div class=\"elementor-element elementor-element-d385c8f elementor-widget elementor-widget-text-editor\" data-id=\"d385c8f\" data-element_type=\"widget\" data-e-type=\"widget\" data-widget_type=\"text-editor.default\">\n\t\t\t\t<div class=\"elementor-widget-container\">\n\t\t\t\t\t\t\t\t\tHoy queremos hablaros sobre las instalaciones fotovoltaicas realizadas en colaboraci\u00f3n con Bypillow, una cadena hotelera pionera en el concepto Lowcost chic.\t\t\t\t\t\t\t\t<\/div>\n\t\t\t\t<\/div>\n\t\t\t\t<\/div>\n\t\t\t\t\t<\/div>\n\t\t\t\t<\/div>\n\t\t\t\t<\/div>\n\t\t<style id=\"loop-dynamic-2387\">.e-loop-item-3987 .elementor-element.elementor-element-a7bfbdf:not(.elementor-motion-effects-element-type-background), .e-loop-item-3987 .elementor-element.elementor-element-a7bfbdf > .elementor-motion-effects-container > .elementor-motion-effects-layer{background-image:url(\"https:\/\/envoltaglobal.com\/wp-content\/uploads\/2026\/06\/article-12-scaled.jpg\");}<\/style>\t\t<div data-elementor-type=\"loop-item\" data-elementor-id=\"2387\" class=\"elementor elementor-2387 elementor-1411 elementor-1411 e-loop-item e-loop-item-3987 post-3987 post type-post status-publish format-standard has-post-thumbnail hentry category-construccion\" data-elementor-post-type=\"elementor_library\" data-custom-edit-handle=\"1\">\n\t\t\t<div class=\"make-column-clickable-elementor elementor-element elementor-element-9499b3b e-flex e-con-boxed e-con e-parent\" style=\"cursor: pointer;\" data-column-clickable=\"https:\/\/envoltaglobal.com\/es\/construccion\/madera-y-materiales-de-base-biologica-cuando-el-material-captura-mas-carbono-del-que-emite\/\" data-column-clickable-blank=\"_self\" data-id=\"9499b3b\" data-element_type=\"container\" data-e-type=\"container\">\n\t\t\t\t\t<div class=\"e-con-inner\">\n\t\t<div class=\"elementor-element elementor-element-a7bfbdf e-con-full e-flex e-con e-child\" data-id=\"a7bfbdf\" data-element_type=\"container\" data-e-type=\"container\" data-settings=\"{&quot;background_background&quot;:&quot;classic&quot;}\">\n\t\t\t\t<div class=\"elementor-element elementor-element-a862a26 elementor-widget elementor-widget-spacer\" data-id=\"a862a26\" data-element_type=\"widget\" data-e-type=\"widget\" data-widget_type=\"spacer.default\">\n\t\t\t\t<div class=\"elementor-widget-container\">\n\t\t\t\t\t\t\t<div class=\"elementor-spacer\">\n\t\t\t<div class=\"elementor-spacer-inner\"><\/div>\n\t\t<\/div>\n\t\t\t\t\t\t<\/div>\n\t\t\t\t<\/div>\n\t\t\t\t<\/div>\n\t\t<div class=\"elementor-element elementor-element-ab6c86a e-con-full e-flex e-con e-child\" data-id=\"ab6c86a\" data-element_type=\"container\" data-e-type=\"container\">\n\t\t\t\t<div class=\"elementor-element elementor-element-45046c2 elementor-widget__width-initial elementor-widget elementor-widget-heading\" data-id=\"45046c2\" data-element_type=\"widget\" data-e-type=\"widget\" data-widget_type=\"heading.default\">\n\t\t\t\t<div class=\"elementor-widget-container\">\n\t\t\t\t\t<h2 class=\"elementor-heading-title elementor-size-default\">Madera y materiales de base biol\u00f3gica: cuando el material captura m\u00e1s carbono del que emite<\/h2>\t\t\t\t<\/div>\n\t\t\t\t<\/div>\n\t\t\t\t<div class=\"elementor-element elementor-element-67467cb elementor-widget__width-initial elementor-view-default elementor-widget elementor-widget-icon\" data-id=\"67467cb\" data-element_type=\"widget\" data-e-type=\"widget\" data-widget_type=\"icon.default\">\n\t\t\t\t<div class=\"elementor-widget-container\">\n\t\t\t\t\t\t\t<div class=\"elementor-icon-wrapper\">\n\t\t\t<a class=\"elementor-icon\" href=\"https:\/\/envoltaglobal.com\/es\/construccion\/madera-y-materiales-de-base-biologica-cuando-el-material-captura-mas-carbono-del-que-emite\/\">\n\t\t\t<svg xmlns=\"http:\/\/www.w3.org\/2000\/svg\" width=\"22\" height=\"22\" viewBox=\"0 0 22 22\" fill=\"none\"><path d=\"M2.66927 21.9997L0.335938 19.6663L16.3359 3.66634H2.0026V0.333008H22.0026V20.333H18.6693V5.99967L2.66927 21.9997Z\" fill=\"#1F1F1F\"><\/path><\/svg>\t\t\t<\/a>\n\t\t<\/div>\n\t\t\t\t\t\t<\/div>\n\t\t\t\t<\/div>\n\t\t\t\t<\/div>\n\t\t<div class=\"elementor-element elementor-element-45f31ab e-con-full e-flex e-con e-child\" data-id=\"45f31ab\" data-element_type=\"container\" data-e-type=\"container\">\n\t\t\t\t<div class=\"elementor-element elementor-element-1ff5c59 elementor-widget elementor-widget-heading\" data-id=\"1ff5c59\" data-element_type=\"widget\" data-e-type=\"widget\" data-widget_type=\"heading.default\">\n\t\t\t\t<div class=\"elementor-widget-container\">\n\t\t\t\t\t<h2 class=\"elementor-heading-title elementor-size-default\">11 de junio de 2026<\/h2>\t\t\t\t<\/div>\n\t\t\t\t<\/div>\n\t\t\t\t<div class=\"elementor-element elementor-element-d385c8f elementor-widget elementor-widget-text-editor\" data-id=\"d385c8f\" data-element_type=\"widget\" data-e-type=\"widget\" data-widget_type=\"text-editor.default\">\n\t\t\t\t<div class=\"elementor-widget-container\">\n\t\t\t\t\t\t\t\t\tNo todos los materiales suman las emisiones. Algunas, como la madera de origen sostenible, almacenan carbono. Elegir el material adecuado es una de las decisiones m\u00e1s impactantes de todo el proyecto.  \t\t\t\t\t\t\t\t<\/div>\n\t\t\t\t<\/div>\n\t\t\t\t<\/div>\n\t\t\t\t\t<\/div>\n\t\t\t\t<\/div>\n\t\t\t\t<\/div>\n\t\t<style id=\"loop-dynamic-2387\">.e-loop-item-4004 .elementor-element.elementor-element-a7bfbdf:not(.elementor-motion-effects-element-type-background), .e-loop-item-4004 .elementor-element.elementor-element-a7bfbdf > .elementor-motion-effects-container > .elementor-motion-effects-layer{background-image:url(\"https:\/\/envoltaglobal.com\/wp-content\/uploads\/2026\/06\/fira-del-porc-e1690549653627.png\");}<\/style>\t\t<div data-elementor-type=\"loop-item\" data-elementor-id=\"2387\" class=\"elementor elementor-2387 elementor-1411 elementor-1411 e-loop-item e-loop-item-4004 post-4004 post type-post status-publish format-standard has-post-thumbnail hentry category-energia\" data-elementor-post-type=\"elementor_library\" data-custom-edit-handle=\"1\">\n\t\t\t<div class=\"make-column-clickable-elementor elementor-element elementor-element-9499b3b e-flex e-con-boxed e-con e-parent\" style=\"cursor: pointer;\" data-column-clickable=\"https:\/\/envoltaglobal.com\/es\/energia\/descarbonizacion-del-sector-ganadero-en-la-llanura-del-vic\/\" data-column-clickable-blank=\"_self\" data-id=\"9499b3b\" data-element_type=\"container\" data-e-type=\"container\">\n\t\t\t\t\t<div class=\"e-con-inner\">\n\t\t<div class=\"elementor-element elementor-element-a7bfbdf e-con-full e-flex e-con e-child\" data-id=\"a7bfbdf\" data-element_type=\"container\" data-e-type=\"container\" data-settings=\"{&quot;background_background&quot;:&quot;classic&quot;}\">\n\t\t\t\t<div class=\"elementor-element elementor-element-a862a26 elementor-widget elementor-widget-spacer\" data-id=\"a862a26\" data-element_type=\"widget\" data-e-type=\"widget\" data-widget_type=\"spacer.default\">\n\t\t\t\t<div class=\"elementor-widget-container\">\n\t\t\t\t\t\t\t<div class=\"elementor-spacer\">\n\t\t\t<div class=\"elementor-spacer-inner\"><\/div>\n\t\t<\/div>\n\t\t\t\t\t\t<\/div>\n\t\t\t\t<\/div>\n\t\t\t\t<\/div>\n\t\t<div class=\"elementor-element elementor-element-ab6c86a e-con-full e-flex e-con e-child\" data-id=\"ab6c86a\" data-element_type=\"container\" data-e-type=\"container\">\n\t\t\t\t<div class=\"elementor-element elementor-element-45046c2 elementor-widget__width-initial elementor-widget elementor-widget-heading\" data-id=\"45046c2\" data-element_type=\"widget\" data-e-type=\"widget\" data-widget_type=\"heading.default\">\n\t\t\t\t<div class=\"elementor-widget-container\">\n\t\t\t\t\t<h2 class=\"elementor-heading-title elementor-size-default\">Descarbonizaci\u00f3n del sector ganadero en la llanura del VIC<\/h2>\t\t\t\t<\/div>\n\t\t\t\t<\/div>\n\t\t\t\t<div class=\"elementor-element elementor-element-67467cb elementor-widget__width-initial elementor-view-default elementor-widget elementor-widget-icon\" data-id=\"67467cb\" data-element_type=\"widget\" data-e-type=\"widget\" data-widget_type=\"icon.default\">\n\t\t\t\t<div class=\"elementor-widget-container\">\n\t\t\t\t\t\t\t<div class=\"elementor-icon-wrapper\">\n\t\t\t<a class=\"elementor-icon\" href=\"https:\/\/envoltaglobal.com\/es\/energia\/descarbonizacion-del-sector-ganadero-en-la-llanura-del-vic\/\">\n\t\t\t<svg xmlns=\"http:\/\/www.w3.org\/2000\/svg\" width=\"22\" height=\"22\" viewBox=\"0 0 22 22\" fill=\"none\"><path d=\"M2.66927 21.9997L0.335938 19.6663L16.3359 3.66634H2.0026V0.333008H22.0026V20.333H18.6693V5.99967L2.66927 21.9997Z\" fill=\"#1F1F1F\"><\/path><\/svg>\t\t\t<\/a>\n\t\t<\/div>\n\t\t\t\t\t\t<\/div>\n\t\t\t\t<\/div>\n\t\t\t\t<\/div>\n\t\t<div class=\"elementor-element elementor-element-45f31ab e-con-full e-flex e-con e-child\" data-id=\"45f31ab\" data-element_type=\"container\" data-e-type=\"container\">\n\t\t\t\t<div class=\"elementor-element elementor-element-1ff5c59 elementor-widget elementor-widget-heading\" data-id=\"1ff5c59\" data-element_type=\"widget\" data-e-type=\"widget\" data-widget_type=\"heading.default\">\n\t\t\t\t<div class=\"elementor-widget-container\">\n\t\t\t\t\t<h2 class=\"elementor-heading-title elementor-size-default\">10 de febrero de 2023<\/h2>\t\t\t\t<\/div>\n\t\t\t\t<\/div>\n\t\t\t\t<div class=\"elementor-element elementor-element-d385c8f elementor-widget elementor-widget-text-editor\" data-id=\"d385c8f\" data-element_type=\"widget\" data-e-type=\"widget\" data-widget_type=\"text-editor.default\">\n\t\t\t\t<div class=\"elementor-widget-container\">\n\t\t\t\t\t\t\t\t\tEsta ma\u00f1ana tuvimos la oportunidad de participar en la Conferencia T\u00e9cnica #FIPORC23: \u00abEl sector porcino. Oportunidades, amenazas o transiciones\u00bb\t\t\t\t\t\t\t\t<\/div>\n\t\t\t\t<\/div>\n\t\t\t\t<\/div>\n\t\t\t\t\t<\/div>\n\t\t\t\t<\/div>\n\t\t\t\t<\/div>\n\t\t<style id=\"loop-dynamic-2387\">.e-loop-item-3981 .elementor-element.elementor-element-a7bfbdf:not(.elementor-motion-effects-element-type-background), .e-loop-item-3981 .elementor-element.elementor-element-a7bfbdf > .elementor-motion-effects-container > .elementor-motion-effects-layer{background-image:url(\"https:\/\/envoltaglobal.com\/wp-content\/uploads\/2026\/06\/article-13-scaled.jpg\");}<\/style>\t\t<div data-elementor-type=\"loop-item\" data-elementor-id=\"2387\" class=\"elementor elementor-2387 elementor-1411 elementor-1411 e-loop-item e-loop-item-3981 post-3981 post type-post status-publish format-standard has-post-thumbnail hentry category-construccion\" data-elementor-post-type=\"elementor_library\" data-custom-edit-handle=\"1\">\n\t\t\t<div class=\"make-column-clickable-elementor elementor-element elementor-element-9499b3b e-flex e-con-boxed e-con e-parent\" style=\"cursor: pointer;\" data-column-clickable=\"https:\/\/envoltaglobal.com\/es\/construccion\/subvenciones-para-la-renovacion-una-ventana-que-se-cierra-a-finales-de-2026\/\" data-column-clickable-blank=\"_self\" data-id=\"9499b3b\" data-element_type=\"container\" data-e-type=\"container\">\n\t\t\t\t\t<div class=\"e-con-inner\">\n\t\t<div class=\"elementor-element elementor-element-a7bfbdf e-con-full e-flex e-con e-child\" data-id=\"a7bfbdf\" data-element_type=\"container\" data-e-type=\"container\" data-settings=\"{&quot;background_background&quot;:&quot;classic&quot;}\">\n\t\t\t\t<div class=\"elementor-element elementor-element-a862a26 elementor-widget elementor-widget-spacer\" data-id=\"a862a26\" data-element_type=\"widget\" data-e-type=\"widget\" data-widget_type=\"spacer.default\">\n\t\t\t\t<div class=\"elementor-widget-container\">\n\t\t\t\t\t\t\t<div class=\"elementor-spacer\">\n\t\t\t<div class=\"elementor-spacer-inner\"><\/div>\n\t\t<\/div>\n\t\t\t\t\t\t<\/div>\n\t\t\t\t<\/div>\n\t\t\t\t<\/div>\n\t\t<div class=\"elementor-element elementor-element-ab6c86a e-con-full e-flex e-con e-child\" data-id=\"ab6c86a\" data-element_type=\"container\" data-e-type=\"container\">\n\t\t\t\t<div class=\"elementor-element elementor-element-45046c2 elementor-widget__width-initial elementor-widget elementor-widget-heading\" data-id=\"45046c2\" data-element_type=\"widget\" data-e-type=\"widget\" data-widget_type=\"heading.default\">\n\t\t\t\t<div class=\"elementor-widget-container\">\n\t\t\t\t\t<h2 class=\"elementor-heading-title elementor-size-default\">Subvenciones para la renovaci\u00f3n: una ventana que se cierra a finales de 2026<\/h2>\t\t\t\t<\/div>\n\t\t\t\t<\/div>\n\t\t\t\t<div class=\"elementor-element elementor-element-67467cb elementor-widget__width-initial elementor-view-default elementor-widget elementor-widget-icon\" data-id=\"67467cb\" data-element_type=\"widget\" data-e-type=\"widget\" data-widget_type=\"icon.default\">\n\t\t\t\t<div class=\"elementor-widget-container\">\n\t\t\t\t\t\t\t<div class=\"elementor-icon-wrapper\">\n\t\t\t<a class=\"elementor-icon\" href=\"https:\/\/envoltaglobal.com\/es\/construccion\/subvenciones-para-la-renovacion-una-ventana-que-se-cierra-a-finales-de-2026\/\">\n\t\t\t<svg xmlns=\"http:\/\/www.w3.org\/2000\/svg\" width=\"22\" height=\"22\" viewBox=\"0 0 22 22\" fill=\"none\"><path d=\"M2.66927 21.9997L0.335938 19.6663L16.3359 3.66634H2.0026V0.333008H22.0026V20.333H18.6693V5.99967L2.66927 21.9997Z\" fill=\"#1F1F1F\"><\/path><\/svg>\t\t\t<\/a>\n\t\t<\/div>\n\t\t\t\t\t\t<\/div>\n\t\t\t\t<\/div>\n\t\t\t\t<\/div>\n\t\t<div class=\"elementor-element elementor-element-45f31ab e-con-full e-flex e-con e-child\" data-id=\"45f31ab\" data-element_type=\"container\" data-e-type=\"container\">\n\t\t\t\t<div class=\"elementor-element elementor-element-1ff5c59 elementor-widget elementor-widget-heading\" data-id=\"1ff5c59\" data-element_type=\"widget\" data-e-type=\"widget\" data-widget_type=\"heading.default\">\n\t\t\t\t<div class=\"elementor-widget-container\">\n\t\t\t\t\t<h2 class=\"elementor-heading-title elementor-size-default\">11 de junio de 2026<\/h2>\t\t\t\t<\/div>\n\t\t\t\t<\/div>\n\t\t\t\t<div class=\"elementor-element elementor-element-d385c8f elementor-widget elementor-widget-text-editor\" data-id=\"d385c8f\" data-element_type=\"widget\" data-e-type=\"widget\" data-widget_type=\"text-editor.default\">\n\t\t\t\t<div class=\"elementor-widget-container\">\n\t\t\t\t\t\t\t\t\tNunca hab\u00eda habido tantos fondos para descarbonizar edificios, pero la ventana de fondos europeos tiene fecha de caducidad. Conocer bien los programas y procesarlos bien marca toda la diferencia. \t\t\t\t\t\t\t\t<\/div>\n\t\t\t\t<\/div>\n\t\t\t\t<\/div>\n\t\t\t\t\t<\/div>\n\t\t\t\t<\/div>\n\t\t\t\t<\/div>\n\t\t<style id=\"loop-dynamic-2387\">.e-loop-item-2454 .elementor-element.elementor-element-a7bfbdf:not(.elementor-motion-effects-element-type-background), .e-loop-item-2454 .elementor-element.elementor-element-a7bfbdf > .elementor-motion-effects-container > .elementor-motion-effects-layer{background-image:url(\"https:\/\/envoltaglobal.com\/wp-content\/uploads\/2025\/10\/Article-TAXONOMIA-EUROPEA-FOTO-1-scaled.jpg\");}<\/style>\t\t<div data-elementor-type=\"loop-item\" data-elementor-id=\"2387\" class=\"elementor elementor-2387 elementor-1411 elementor-1411 e-loop-item e-loop-item-2454 post-2454 post type-post status-publish format-standard has-post-thumbnail hentry category-consultoria\" data-elementor-post-type=\"elementor_library\" data-custom-edit-handle=\"1\">\n\t\t\t<div class=\"make-column-clickable-elementor elementor-element elementor-element-9499b3b e-flex e-con-boxed e-con e-parent\" style=\"cursor: pointer;\" data-column-clickable=\"https:\/\/envoltaglobal.com\/es\/consultoria\/revision-2025-de-la-taxonomia-ue-como-afecta-el-flujo-de-fondos-verdes-para-las-empresas\/\" data-column-clickable-blank=\"_self\" data-id=\"9499b3b\" data-element_type=\"container\" data-e-type=\"container\">\n\t\t\t\t\t<div class=\"e-con-inner\">\n\t\t<div class=\"elementor-element elementor-element-a7bfbdf e-con-full e-flex e-con e-child\" data-id=\"a7bfbdf\" data-element_type=\"container\" data-e-type=\"container\" data-settings=\"{&quot;background_background&quot;:&quot;classic&quot;}\">\n\t\t\t\t<div class=\"elementor-element elementor-element-a862a26 elementor-widget elementor-widget-spacer\" data-id=\"a862a26\" data-element_type=\"widget\" data-e-type=\"widget\" data-widget_type=\"spacer.default\">\n\t\t\t\t<div class=\"elementor-widget-container\">\n\t\t\t\t\t\t\t<div class=\"elementor-spacer\">\n\t\t\t<div class=\"elementor-spacer-inner\"><\/div>\n\t\t<\/div>\n\t\t\t\t\t\t<\/div>\n\t\t\t\t<\/div>\n\t\t\t\t<\/div>\n\t\t<div class=\"elementor-element elementor-element-ab6c86a e-con-full e-flex e-con e-child\" data-id=\"ab6c86a\" data-element_type=\"container\" data-e-type=\"container\">\n\t\t\t\t<div class=\"elementor-element elementor-element-45046c2 elementor-widget__width-initial elementor-widget elementor-widget-heading\" data-id=\"45046c2\" data-element_type=\"widget\" data-e-type=\"widget\" data-widget_type=\"heading.default\">\n\t\t\t\t<div class=\"elementor-widget-container\">\n\t\t\t\t\t<h2 class=\"elementor-heading-title elementor-size-default\">Revisi\u00f3n 2025 de la Taxonom\u00eda UE: \u00bfc\u00f3mo afecta el flujo de fondos verdes para las empresas?<\/h2>\t\t\t\t<\/div>\n\t\t\t\t<\/div>\n\t\t\t\t<div class=\"elementor-element elementor-element-67467cb elementor-widget__width-initial elementor-view-default elementor-widget elementor-widget-icon\" data-id=\"67467cb\" data-element_type=\"widget\" data-e-type=\"widget\" data-widget_type=\"icon.default\">\n\t\t\t\t<div class=\"elementor-widget-container\">\n\t\t\t\t\t\t\t<div class=\"elementor-icon-wrapper\">\n\t\t\t<a class=\"elementor-icon\" href=\"https:\/\/envoltaglobal.com\/es\/consultoria\/revision-2025-de-la-taxonomia-ue-como-afecta-el-flujo-de-fondos-verdes-para-las-empresas\/\">\n\t\t\t<svg xmlns=\"http:\/\/www.w3.org\/2000\/svg\" width=\"22\" height=\"22\" viewBox=\"0 0 22 22\" fill=\"none\"><path d=\"M2.66927 21.9997L0.335938 19.6663L16.3359 3.66634H2.0026V0.333008H22.0026V20.333H18.6693V5.99967L2.66927 21.9997Z\" fill=\"#1F1F1F\"><\/path><\/svg>\t\t\t<\/a>\n\t\t<\/div>\n\t\t\t\t\t\t<\/div>\n\t\t\t\t<\/div>\n\t\t\t\t<\/div>\n\t\t<div class=\"elementor-element elementor-element-45f31ab e-con-full e-flex e-con e-child\" data-id=\"45f31ab\" data-element_type=\"container\" data-e-type=\"container\">\n\t\t\t\t<div class=\"elementor-element elementor-element-1ff5c59 elementor-widget elementor-widget-heading\" data-id=\"1ff5c59\" data-element_type=\"widget\" data-e-type=\"widget\" data-widget_type=\"heading.default\">\n\t\t\t\t<div class=\"elementor-widget-container\">\n\t\t\t\t\t<h2 class=\"elementor-heading-title elementor-size-default\">25 de septiembre de 2025<\/h2>\t\t\t\t<\/div>\n\t\t\t\t<\/div>\n\t\t\t\t<div class=\"elementor-element elementor-element-d385c8f elementor-widget elementor-widget-text-editor\" data-id=\"d385c8f\" data-element_type=\"widget\" data-e-type=\"widget\" data-widget_type=\"text-editor.default\">\n\t\t\t\t<div class=\"elementor-widget-container\">\n\t\t\t\t\t\t\t\t\tLa taxonom\u00eda verde de la UE es un sistema de clasificaci\u00f3n dise\u00f1ado para definir qu\u00e9 actividades econ\u00f3micas pueden considerarse ambientalmente sostenibles. En 2025 se han impulsado actualizaciones clave que afectan a los informes ESG, los criterios de financiaci\u00f3n y el alineamiento corporativo. \t\t\t\t\t\t\t\t<\/div>\n\t\t\t\t<\/div>\n\t\t\t\t<\/div>\n\t\t\t\t\t<\/div>\n\t\t\t\t<\/div>\n\t\t\t\t<\/div>\n\t\t<style id=\"loop-dynamic-2387\">.e-loop-item-4095 .elementor-element.elementor-element-a7bfbdf:not(.elementor-motion-effects-element-type-background), .e-loop-item-4095 .elementor-element.elementor-element-a7bfbdf > .elementor-motion-effects-container > .elementor-motion-effects-layer{background-image:url(\"https:\/\/envoltaglobal.com\/wp-content\/uploads\/2026\/06\/Nit-de-la-bioenergia-e1690561400220.png\");}<\/style>\t\t<div data-elementor-type=\"loop-item\" data-elementor-id=\"2387\" class=\"elementor elementor-2387 elementor-1411 elementor-1411 e-loop-item e-loop-item-4095 post-4095 post type-post status-publish format-standard has-post-thumbnail hentry category-energia\" data-elementor-post-type=\"elementor_library\" data-custom-edit-handle=\"1\">\n\t\t\t<div class=\"make-column-clickable-elementor elementor-element elementor-element-9499b3b e-flex e-con-boxed e-con e-parent\" style=\"cursor: pointer;\" data-column-clickable=\"https:\/\/envoltaglobal.com\/es\/energia\/energia-transformadora-reflexiones-de-la-primera-noche-de-bioenergia\/\" data-column-clickable-blank=\"_self\" data-id=\"9499b3b\" data-element_type=\"container\" data-e-type=\"container\">\n\t\t\t\t\t<div class=\"e-con-inner\">\n\t\t<div class=\"elementor-element elementor-element-a7bfbdf e-con-full e-flex e-con e-child\" data-id=\"a7bfbdf\" data-element_type=\"container\" data-e-type=\"container\" data-settings=\"{&quot;background_background&quot;:&quot;classic&quot;}\">\n\t\t\t\t<div class=\"elementor-element elementor-element-a862a26 elementor-widget elementor-widget-spacer\" data-id=\"a862a26\" data-element_type=\"widget\" data-e-type=\"widget\" data-widget_type=\"spacer.default\">\n\t\t\t\t<div class=\"elementor-widget-container\">\n\t\t\t\t\t\t\t<div class=\"elementor-spacer\">\n\t\t\t<div class=\"elementor-spacer-inner\"><\/div>\n\t\t<\/div>\n\t\t\t\t\t\t<\/div>\n\t\t\t\t<\/div>\n\t\t\t\t<\/div>\n\t\t<div class=\"elementor-element elementor-element-ab6c86a e-con-full e-flex e-con e-child\" data-id=\"ab6c86a\" data-element_type=\"container\" data-e-type=\"container\">\n\t\t\t\t<div class=\"elementor-element elementor-element-45046c2 elementor-widget__width-initial elementor-widget elementor-widget-heading\" data-id=\"45046c2\" data-element_type=\"widget\" data-e-type=\"widget\" data-widget_type=\"heading.default\">\n\t\t\t\t<div class=\"elementor-widget-container\">\n\t\t\t\t\t<h2 class=\"elementor-heading-title elementor-size-default\">Energ\u00eda Transformadora: Reflexiones de la Primera Noche de Bioenerg\u00eda<\/h2>\t\t\t\t<\/div>\n\t\t\t\t<\/div>\n\t\t\t\t<div class=\"elementor-element elementor-element-67467cb elementor-widget__width-initial elementor-view-default elementor-widget elementor-widget-icon\" data-id=\"67467cb\" data-element_type=\"widget\" data-e-type=\"widget\" data-widget_type=\"icon.default\">\n\t\t\t\t<div class=\"elementor-widget-container\">\n\t\t\t\t\t\t\t<div class=\"elementor-icon-wrapper\">\n\t\t\t<a class=\"elementor-icon\" href=\"https:\/\/envoltaglobal.com\/es\/energia\/energia-transformadora-reflexiones-de-la-primera-noche-de-bioenergia\/\">\n\t\t\t<svg xmlns=\"http:\/\/www.w3.org\/2000\/svg\" width=\"22\" height=\"22\" viewBox=\"0 0 22 22\" fill=\"none\"><path d=\"M2.66927 21.9997L0.335938 19.6663L16.3359 3.66634H2.0026V0.333008H22.0026V20.333H18.6693V5.99967L2.66927 21.9997Z\" fill=\"#1F1F1F\"><\/path><\/svg>\t\t\t<\/a>\n\t\t<\/div>\n\t\t\t\t\t\t<\/div>\n\t\t\t\t<\/div>\n\t\t\t\t<\/div>\n\t\t<div class=\"elementor-element elementor-element-45f31ab e-con-full e-flex e-con e-child\" data-id=\"45f31ab\" data-element_type=\"container\" data-e-type=\"container\">\n\t\t\t\t<div class=\"elementor-element elementor-element-1ff5c59 elementor-widget elementor-widget-heading\" data-id=\"1ff5c59\" data-element_type=\"widget\" data-e-type=\"widget\" data-widget_type=\"heading.default\">\n\t\t\t\t<div class=\"elementor-widget-container\">\n\t\t\t\t\t<h2 class=\"elementor-heading-title elementor-size-default\">19 de mayo de 2023<\/h2>\t\t\t\t<\/div>\n\t\t\t\t<\/div>\n\t\t\t\t<div class=\"elementor-element elementor-element-d385c8f elementor-widget elementor-widget-text-editor\" data-id=\"d385c8f\" data-element_type=\"widget\" data-e-type=\"widget\" data-widget_type=\"text-editor.default\">\n\t\t\t\t<div class=\"elementor-widget-container\">\n\t\t\t\t\t\t\t\t\tGracias al Cl\u00faster Bioenergia Catalunya por organizar este evento de Bioenerg\u00eda, el motor de la transformaci\u00f3n ecol\u00f3gica.\t\t\t\t\t\t\t\t<\/div>\n\t\t\t\t<\/div>\n\t\t\t\t<\/div>\n\t\t\t\t\t<\/div>\n\t\t\t\t<\/div>\n\t\t\t\t<\/div>\n\t\t<style id=\"loop-dynamic-2387\">.e-loop-item-4087 .elementor-element.elementor-element-a7bfbdf:not(.elementor-motion-effects-element-type-background), .e-loop-item-4087 .elementor-element.elementor-element-a7bfbdf > .elementor-motion-effects-container > .elementor-motion-effects-layer{background-image:url(\"https:\/\/envoltaglobal.com\/wp-content\/uploads\/2026\/06\/1677237468864.png\");}<\/style>\t\t<div data-elementor-type=\"loop-item\" data-elementor-id=\"2387\" class=\"elementor elementor-2387 elementor-1411 elementor-1411 e-loop-item e-loop-item-4087 post-4087 post type-post status-publish format-standard has-post-thumbnail hentry category-energia\" data-elementor-post-type=\"elementor_library\" data-custom-edit-handle=\"1\">\n\t\t\t<div class=\"make-column-clickable-elementor elementor-element elementor-element-9499b3b e-flex e-con-boxed e-con e-parent\" style=\"cursor: pointer;\" data-column-clickable=\"https:\/\/envoltaglobal.com\/es\/energia\/gestion-de-residuos-y-energias-renovables-clave-para-el-desarrollo-sostenible\/\" data-column-clickable-blank=\"_self\" data-id=\"9499b3b\" data-element_type=\"container\" data-e-type=\"container\">\n\t\t\t\t\t<div class=\"e-con-inner\">\n\t\t<div class=\"elementor-element elementor-element-a7bfbdf e-con-full e-flex e-con e-child\" data-id=\"a7bfbdf\" data-element_type=\"container\" data-e-type=\"container\" data-settings=\"{&quot;background_background&quot;:&quot;classic&quot;}\">\n\t\t\t\t<div class=\"elementor-element elementor-element-a862a26 elementor-widget elementor-widget-spacer\" data-id=\"a862a26\" data-element_type=\"widget\" data-e-type=\"widget\" data-widget_type=\"spacer.default\">\n\t\t\t\t<div class=\"elementor-widget-container\">\n\t\t\t\t\t\t\t<div class=\"elementor-spacer\">\n\t\t\t<div class=\"elementor-spacer-inner\"><\/div>\n\t\t<\/div>\n\t\t\t\t\t\t<\/div>\n\t\t\t\t<\/div>\n\t\t\t\t<\/div>\n\t\t<div class=\"elementor-element elementor-element-ab6c86a e-con-full e-flex e-con e-child\" data-id=\"ab6c86a\" data-element_type=\"container\" data-e-type=\"container\">\n\t\t\t\t<div class=\"elementor-element elementor-element-45046c2 elementor-widget__width-initial elementor-widget elementor-widget-heading\" data-id=\"45046c2\" data-element_type=\"widget\" data-e-type=\"widget\" data-widget_type=\"heading.default\">\n\t\t\t\t<div class=\"elementor-widget-container\">\n\t\t\t\t\t<h2 class=\"elementor-heading-title elementor-size-default\">Gesti\u00f3n de residuos y energ\u00edas renovables, clave para el desarrollo sostenible<\/h2>\t\t\t\t<\/div>\n\t\t\t\t<\/div>\n\t\t\t\t<div class=\"elementor-element elementor-element-67467cb elementor-widget__width-initial elementor-view-default elementor-widget elementor-widget-icon\" data-id=\"67467cb\" data-element_type=\"widget\" data-e-type=\"widget\" data-widget_type=\"icon.default\">\n\t\t\t\t<div class=\"elementor-widget-container\">\n\t\t\t\t\t\t\t<div class=\"elementor-icon-wrapper\">\n\t\t\t<a class=\"elementor-icon\" href=\"https:\/\/envoltaglobal.com\/es\/energia\/gestion-de-residuos-y-energias-renovables-clave-para-el-desarrollo-sostenible\/\">\n\t\t\t<svg xmlns=\"http:\/\/www.w3.org\/2000\/svg\" width=\"22\" height=\"22\" viewBox=\"0 0 22 22\" fill=\"none\"><path d=\"M2.66927 21.9997L0.335938 19.6663L16.3359 3.66634H2.0026V0.333008H22.0026V20.333H18.6693V5.99967L2.66927 21.9997Z\" fill=\"#1F1F1F\"><\/path><\/svg>\t\t\t<\/a>\n\t\t<\/div>\n\t\t\t\t\t\t<\/div>\n\t\t\t\t<\/div>\n\t\t\t\t<\/div>\n\t\t<div class=\"elementor-element elementor-element-45f31ab e-con-full e-flex e-con e-child\" data-id=\"45f31ab\" data-element_type=\"container\" data-e-type=\"container\">\n\t\t\t\t<div class=\"elementor-element elementor-element-1ff5c59 elementor-widget elementor-widget-heading\" data-id=\"1ff5c59\" data-element_type=\"widget\" data-e-type=\"widget\" data-widget_type=\"heading.default\">\n\t\t\t\t<div class=\"elementor-widget-container\">\n\t\t\t\t\t<h2 class=\"elementor-heading-title elementor-size-default\">24 de febrero de 2023<\/h2>\t\t\t\t<\/div>\n\t\t\t\t<\/div>\n\t\t\t\t<div class=\"elementor-element elementor-element-d385c8f elementor-widget elementor-widget-text-editor\" data-id=\"d385c8f\" data-element_type=\"widget\" data-e-type=\"widget\" data-widget_type=\"text-editor.default\">\n\t\t\t\t<div class=\"elementor-widget-container\">\n\t\t\t\t\t\t\t\t\tSeg\u00fan la Agencia Internacional de Energ\u00edas Renovables (IRENA), la transici\u00f3n energ\u00e9tica representa un cambio progresivo para reemplazar la generaci\u00f3n de energ\u00eda basada en combustibles f\u00f3siles por una mezcla de energ\u00eda renovable y local con cero emisiones de gases de efecto invernadero.\t\t\t\t\t\t\t\t<\/div>\n\t\t\t\t<\/div>\n\t\t\t\t<\/div>\n\t\t\t\t\t<\/div>\n\t\t\t\t<\/div>\n\t\t\t\t<\/div>\n\t\t<style id=\"loop-dynamic-2387\">.e-loop-item-3990 .elementor-element.elementor-element-a7bfbdf:not(.elementor-motion-effects-element-type-background), .e-loop-item-3990 .elementor-element.elementor-element-a7bfbdf > .elementor-motion-effects-container > .elementor-motion-effects-layer{background-image:url(\"https:\/\/envoltaglobal.com\/wp-content\/uploads\/2026\/06\/article-7-scaled.jpg\");}<\/style>\t\t<div data-elementor-type=\"loop-item\" data-elementor-id=\"2387\" class=\"elementor elementor-2387 elementor-1411 elementor-1411 e-loop-item e-loop-item-3990 post-3990 post type-post status-publish format-standard has-post-thumbnail hentry category-construccion\" data-elementor-post-type=\"elementor_library\" data-custom-edit-handle=\"1\">\n\t\t\t<div class=\"make-column-clickable-elementor elementor-element elementor-element-9499b3b e-flex e-con-boxed e-con e-parent\" style=\"cursor: pointer;\" data-column-clickable=\"https:\/\/envoltaglobal.com\/es\/construccion\/descarbonizacion-de-oficinas-el-carbono-oculto-en-las-reformas-interiores\/\" data-column-clickable-blank=\"_self\" data-id=\"9499b3b\" data-element_type=\"container\" data-e-type=\"container\">\n\t\t\t\t\t<div class=\"e-con-inner\">\n\t\t<div class=\"elementor-element elementor-element-a7bfbdf e-con-full e-flex e-con e-child\" data-id=\"a7bfbdf\" data-element_type=\"container\" data-e-type=\"container\" data-settings=\"{&quot;background_background&quot;:&quot;classic&quot;}\">\n\t\t\t\t<div class=\"elementor-element elementor-element-a862a26 elementor-widget elementor-widget-spacer\" data-id=\"a862a26\" data-element_type=\"widget\" data-e-type=\"widget\" data-widget_type=\"spacer.default\">\n\t\t\t\t<div class=\"elementor-widget-container\">\n\t\t\t\t\t\t\t<div class=\"elementor-spacer\">\n\t\t\t<div class=\"elementor-spacer-inner\"><\/div>\n\t\t<\/div>\n\t\t\t\t\t\t<\/div>\n\t\t\t\t<\/div>\n\t\t\t\t<\/div>\n\t\t<div class=\"elementor-element elementor-element-ab6c86a e-con-full e-flex e-con e-child\" data-id=\"ab6c86a\" data-element_type=\"container\" data-e-type=\"container\">\n\t\t\t\t<div class=\"elementor-element elementor-element-45046c2 elementor-widget__width-initial elementor-widget elementor-widget-heading\" data-id=\"45046c2\" data-element_type=\"widget\" data-e-type=\"widget\" data-widget_type=\"heading.default\">\n\t\t\t\t<div class=\"elementor-widget-container\">\n\t\t\t\t\t<h2 class=\"elementor-heading-title elementor-size-default\">Descarbonizaci\u00f3n de oficinas: el carbono oculto en las reformas interiores<\/h2>\t\t\t\t<\/div>\n\t\t\t\t<\/div>\n\t\t\t\t<div class=\"elementor-element elementor-element-67467cb elementor-widget__width-initial elementor-view-default elementor-widget elementor-widget-icon\" data-id=\"67467cb\" data-element_type=\"widget\" data-e-type=\"widget\" data-widget_type=\"icon.default\">\n\t\t\t\t<div class=\"elementor-widget-container\">\n\t\t\t\t\t\t\t<div class=\"elementor-icon-wrapper\">\n\t\t\t<a class=\"elementor-icon\" href=\"https:\/\/envoltaglobal.com\/es\/construccion\/descarbonizacion-de-oficinas-el-carbono-oculto-en-las-reformas-interiores\/\">\n\t\t\t<svg xmlns=\"http:\/\/www.w3.org\/2000\/svg\" width=\"22\" height=\"22\" viewBox=\"0 0 22 22\" fill=\"none\"><path d=\"M2.66927 21.9997L0.335938 19.6663L16.3359 3.66634H2.0026V0.333008H22.0026V20.333H18.6693V5.99967L2.66927 21.9997Z\" fill=\"#1F1F1F\"><\/path><\/svg>\t\t\t<\/a>\n\t\t<\/div>\n\t\t\t\t\t\t<\/div>\n\t\t\t\t<\/div>\n\t\t\t\t<\/div>\n\t\t<div class=\"elementor-element elementor-element-45f31ab e-con-full e-flex e-con e-child\" data-id=\"45f31ab\" data-element_type=\"container\" data-e-type=\"container\">\n\t\t\t\t<div class=\"elementor-element elementor-element-1ff5c59 elementor-widget elementor-widget-heading\" data-id=\"1ff5c59\" data-element_type=\"widget\" data-e-type=\"widget\" data-widget_type=\"heading.default\">\n\t\t\t\t<div class=\"elementor-widget-container\">\n\t\t\t\t\t<h2 class=\"elementor-heading-title elementor-size-default\">11 de junio de 2026<\/h2>\t\t\t\t<\/div>\n\t\t\t\t<\/div>\n\t\t\t\t<div class=\"elementor-element elementor-element-d385c8f elementor-widget elementor-widget-text-editor\" data-id=\"d385c8f\" data-element_type=\"widget\" data-e-type=\"widget\" data-widget_type=\"text-editor.default\">\n\t\t\t\t<div class=\"elementor-widget-container\">\n\t\t\t\t\t\t\t\t\tCada ciclo de renovaci\u00f3n de una oficina genera una enorme cantidad de residuos y carbono incorporado. Dise\u00f1ar espacios de trabajo con criterios circulares es una forma directa, y a menudo poco explorada, de reducci\u00f3n. \t\t\t\t\t\t\t\t<\/div>\n\t\t\t\t<\/div>\n\t\t\t\t<\/div>\n\t\t\t\t\t<\/div>\n\t\t\t\t<\/div>\n\t\t\t\t<\/div>\n\t\t<style id=\"loop-dynamic-2387\">.e-loop-item-2447 .elementor-element.elementor-element-a7bfbdf:not(.elementor-motion-effects-element-type-background), .e-loop-item-2447 .elementor-element.elementor-element-a7bfbdf > .elementor-motion-effects-container > .elementor-motion-effects-layer{background-image:url(\"https:\/\/envoltaglobal.com\/wp-content\/uploads\/2025\/10\/Blog-CMTEC-1-scaled.jpg\");}<\/style>\t\t<div data-elementor-type=\"loop-item\" data-elementor-id=\"2387\" class=\"elementor elementor-2387 elementor-1411 elementor-1411 e-loop-item e-loop-item-2447 post-2447 post type-post status-publish format-standard has-post-thumbnail hentry category-consultoria\" data-elementor-post-type=\"elementor_library\" data-custom-edit-handle=\"1\">\n\t\t\t<div class=\"make-column-clickable-elementor elementor-element elementor-element-9499b3b e-flex e-con-boxed e-con e-parent\" style=\"cursor: pointer;\" data-column-clickable=\"https:\/\/envoltaglobal.com\/es\/consultoria\/como-preparamos-cmtec-para-superar-el-reto-de-ecovadis\/\" data-column-clickable-blank=\"_self\" data-id=\"9499b3b\" data-element_type=\"container\" data-e-type=\"container\">\n\t\t\t\t\t<div class=\"e-con-inner\">\n\t\t<div class=\"elementor-element elementor-element-a7bfbdf e-con-full e-flex e-con e-child\" data-id=\"a7bfbdf\" data-element_type=\"container\" data-e-type=\"container\" data-settings=\"{&quot;background_background&quot;:&quot;classic&quot;}\">\n\t\t\t\t<div class=\"elementor-element elementor-element-a862a26 elementor-widget elementor-widget-spacer\" data-id=\"a862a26\" data-element_type=\"widget\" data-e-type=\"widget\" data-widget_type=\"spacer.default\">\n\t\t\t\t<div class=\"elementor-widget-container\">\n\t\t\t\t\t\t\t<div class=\"elementor-spacer\">\n\t\t\t<div class=\"elementor-spacer-inner\"><\/div>\n\t\t<\/div>\n\t\t\t\t\t\t<\/div>\n\t\t\t\t<\/div>\n\t\t\t\t<\/div>\n\t\t<div class=\"elementor-element elementor-element-ab6c86a e-con-full e-flex e-con e-child\" data-id=\"ab6c86a\" data-element_type=\"container\" data-e-type=\"container\">\n\t\t\t\t<div class=\"elementor-element elementor-element-45046c2 elementor-widget__width-initial elementor-widget elementor-widget-heading\" data-id=\"45046c2\" data-element_type=\"widget\" data-e-type=\"widget\" data-widget_type=\"heading.default\">\n\t\t\t\t<div class=\"elementor-widget-container\">\n\t\t\t\t\t<h2 class=\"elementor-heading-title elementor-size-default\">C\u00f3mo preparamos CMTEC para superar el reto de EcoVadis<\/h2>\t\t\t\t<\/div>\n\t\t\t\t<\/div>\n\t\t\t\t<div class=\"elementor-element elementor-element-67467cb elementor-widget__width-initial elementor-view-default elementor-widget elementor-widget-icon\" data-id=\"67467cb\" data-element_type=\"widget\" data-e-type=\"widget\" data-widget_type=\"icon.default\">\n\t\t\t\t<div class=\"elementor-widget-container\">\n\t\t\t\t\t\t\t<div class=\"elementor-icon-wrapper\">\n\t\t\t<a class=\"elementor-icon\" href=\"https:\/\/envoltaglobal.com\/es\/consultoria\/como-preparamos-cmtec-para-superar-el-reto-de-ecovadis\/\">\n\t\t\t<svg xmlns=\"http:\/\/www.w3.org\/2000\/svg\" width=\"22\" height=\"22\" viewBox=\"0 0 22 22\" fill=\"none\"><path d=\"M2.66927 21.9997L0.335938 19.6663L16.3359 3.66634H2.0026V0.333008H22.0026V20.333H18.6693V5.99967L2.66927 21.9997Z\" fill=\"#1F1F1F\"><\/path><\/svg>\t\t\t<\/a>\n\t\t<\/div>\n\t\t\t\t\t\t<\/div>\n\t\t\t\t<\/div>\n\t\t\t\t<\/div>\n\t\t<div class=\"elementor-element elementor-element-45f31ab e-con-full e-flex e-con e-child\" data-id=\"45f31ab\" data-element_type=\"container\" data-e-type=\"container\">\n\t\t\t\t<div class=\"elementor-element elementor-element-1ff5c59 elementor-widget elementor-widget-heading\" data-id=\"1ff5c59\" data-element_type=\"widget\" data-e-type=\"widget\" data-widget_type=\"heading.default\">\n\t\t\t\t<div class=\"elementor-widget-container\">\n\t\t\t\t\t<h2 class=\"elementor-heading-title elementor-size-default\">15 de febrero de 2025<\/h2>\t\t\t\t<\/div>\n\t\t\t\t<\/div>\n\t\t\t\t<div class=\"elementor-element elementor-element-d385c8f elementor-widget elementor-widget-text-editor\" data-id=\"d385c8f\" data-element_type=\"widget\" data-e-type=\"widget\" data-widget_type=\"text-editor.default\">\n\t\t\t\t<div class=\"elementor-widget-container\">\n\t\t\t\t\t\t\t\t\tLa certificaci\u00f3n EcoVadis es ampliamente reconocida como est\u00e1ndar para evaluar el rendimiento de ESG de los proveedores. Obtener una buena puntuaci\u00f3n abre puertas en cadenas de suministro globales y mejora la reputaci\u00f3n frente a grandes clientes. \t\t\t\t\t\t\t\t<\/div>\n\t\t\t\t<\/div>\n\t\t\t\t<\/div>\n\t\t\t\t\t<\/div>\n\t\t\t\t<\/div>\n\t\t\t\t<\/div>\n\t\t<style id=\"loop-dynamic-2387\">.e-loop-item-4071 .elementor-element.elementor-element-a7bfbdf:not(.elementor-motion-effects-element-type-background), .e-loop-item-4071 .elementor-element.elementor-element-a7bfbdf > .elementor-motion-effects-container > .elementor-motion-effects-layer{background-image:url(\"https:\/\/envoltaglobal.com\/wp-content\/uploads\/2026\/06\/article-1-scaled.jpg\");}<\/style>\t\t<div data-elementor-type=\"loop-item\" data-elementor-id=\"2387\" class=\"elementor elementor-2387 elementor-1411 elementor-1411 e-loop-item e-loop-item-4071 post-4071 post type-post status-publish format-standard has-post-thumbnail hentry category-construccion\" data-elementor-post-type=\"elementor_library\" data-custom-edit-handle=\"1\">\n\t\t\t<div class=\"make-column-clickable-elementor elementor-element elementor-element-9499b3b e-flex e-con-boxed e-con e-parent\" style=\"cursor: pointer;\" data-column-clickable=\"https:\/\/envoltaglobal.com\/es\/construccion\/carbono-operativo-y-carbono-incorporado-por-que-necesitas-medir-todo-el-ciclo-de-vida\/\" data-column-clickable-blank=\"_self\" data-id=\"9499b3b\" data-element_type=\"container\" data-e-type=\"container\">\n\t\t\t\t\t<div class=\"e-con-inner\">\n\t\t<div class=\"elementor-element elementor-element-a7bfbdf e-con-full e-flex e-con e-child\" data-id=\"a7bfbdf\" data-element_type=\"container\" data-e-type=\"container\" data-settings=\"{&quot;background_background&quot;:&quot;classic&quot;}\">\n\t\t\t\t<div class=\"elementor-element elementor-element-a862a26 elementor-widget elementor-widget-spacer\" data-id=\"a862a26\" data-element_type=\"widget\" data-e-type=\"widget\" data-widget_type=\"spacer.default\">\n\t\t\t\t<div class=\"elementor-widget-container\">\n\t\t\t\t\t\t\t<div class=\"elementor-spacer\">\n\t\t\t<div class=\"elementor-spacer-inner\"><\/div>\n\t\t<\/div>\n\t\t\t\t\t\t<\/div>\n\t\t\t\t<\/div>\n\t\t\t\t<\/div>\n\t\t<div class=\"elementor-element elementor-element-ab6c86a e-con-full e-flex e-con e-child\" data-id=\"ab6c86a\" data-element_type=\"container\" data-e-type=\"container\">\n\t\t\t\t<div class=\"elementor-element elementor-element-45046c2 elementor-widget__width-initial elementor-widget elementor-widget-heading\" data-id=\"45046c2\" data-element_type=\"widget\" data-e-type=\"widget\" data-widget_type=\"heading.default\">\n\t\t\t\t<div class=\"elementor-widget-container\">\n\t\t\t\t\t<h2 class=\"elementor-heading-title elementor-size-default\">Carbono operativo y carbono incorporado: por qu\u00e9 necesitas medir todo el ciclo de vida<\/h2>\t\t\t\t<\/div>\n\t\t\t\t<\/div>\n\t\t\t\t<div class=\"elementor-element elementor-element-67467cb elementor-widget__width-initial elementor-view-default elementor-widget elementor-widget-icon\" data-id=\"67467cb\" data-element_type=\"widget\" data-e-type=\"widget\" data-widget_type=\"icon.default\">\n\t\t\t\t<div class=\"elementor-widget-container\">\n\t\t\t\t\t\t\t<div class=\"elementor-icon-wrapper\">\n\t\t\t<a class=\"elementor-icon\" href=\"https:\/\/envoltaglobal.com\/es\/construccion\/carbono-operativo-y-carbono-incorporado-por-que-necesitas-medir-todo-el-ciclo-de-vida\/\">\n\t\t\t<svg xmlns=\"http:\/\/www.w3.org\/2000\/svg\" width=\"22\" height=\"22\" viewBox=\"0 0 22 22\" fill=\"none\"><path d=\"M2.66927 21.9997L0.335938 19.6663L16.3359 3.66634H2.0026V0.333008H22.0026V20.333H18.6693V5.99967L2.66927 21.9997Z\" fill=\"#1F1F1F\"><\/path><\/svg>\t\t\t<\/a>\n\t\t<\/div>\n\t\t\t\t\t\t<\/div>\n\t\t\t\t<\/div>\n\t\t\t\t<\/div>\n\t\t<div class=\"elementor-element elementor-element-45f31ab e-con-full e-flex e-con e-child\" data-id=\"45f31ab\" data-element_type=\"container\" data-e-type=\"container\">\n\t\t\t\t<div class=\"elementor-element elementor-element-1ff5c59 elementor-widget elementor-widget-heading\" data-id=\"1ff5c59\" data-element_type=\"widget\" data-e-type=\"widget\" data-widget_type=\"heading.default\">\n\t\t\t\t<div class=\"elementor-widget-container\">\n\t\t\t\t\t<h2 class=\"elementor-heading-title elementor-size-default\">11 de junio de 2026<\/h2>\t\t\t\t<\/div>\n\t\t\t\t<\/div>\n\t\t\t\t<div class=\"elementor-element elementor-element-d385c8f elementor-widget elementor-widget-text-editor\" data-id=\"d385c8f\" data-element_type=\"widget\" data-e-type=\"widget\" data-widget_type=\"text-editor.default\">\n\t\t\t\t<div class=\"elementor-widget-container\">\n\t\t\t\t\t\t\t\t\tDurante d\u00e9cadas solo hemos medido la energ\u00eda que consume un edificio en uso. Hoy sabemos que esta imagen es incompleta: el carbono incorporado a los materiales decide gran parte del impacto total. \t\t\t\t\t\t\t\t<\/div>\n\t\t\t\t<\/div>\n\t\t\t\t<\/div>\n\t\t\t\t\t<\/div>\n\t\t\t\t<\/div>\n\t\t\t\t<\/div>\n\t\t<style id=\"loop-dynamic-2387\">.e-loop-item-3979 .elementor-element.elementor-element-a7bfbdf:not(.elementor-motion-effects-element-type-background), .e-loop-item-3979 .elementor-element.elementor-element-a7bfbdf > .elementor-motion-effects-container > .elementor-motion-effects-layer{background-image:url(\"https:\/\/envoltaglobal.com\/wp-content\/uploads\/2026\/06\/article-9-scaled.jpg\");}<\/style>\t\t<div data-elementor-type=\"loop-item\" data-elementor-id=\"2387\" class=\"elementor elementor-2387 elementor-1411 elementor-1411 e-loop-item e-loop-item-3979 post-3979 post type-post status-publish format-standard has-post-thumbnail hentry category-construccion\" data-elementor-post-type=\"elementor_library\" data-custom-edit-handle=\"1\">\n\t\t\t<div class=\"make-column-clickable-elementor elementor-element elementor-element-9499b3b e-flex e-con-boxed e-con e-parent\" style=\"cursor: pointer;\" data-column-clickable=\"https:\/\/envoltaglobal.com\/es\/construccion\/datos-primarios-o-promedio-el-coste-oculto-de-un-calculo-inexacto-de-carbono\/\" data-column-clickable-blank=\"_self\" data-id=\"9499b3b\" data-element_type=\"container\" data-e-type=\"container\">\n\t\t\t\t\t<div class=\"e-con-inner\">\n\t\t<div class=\"elementor-element elementor-element-a7bfbdf e-con-full e-flex e-con e-child\" data-id=\"a7bfbdf\" data-element_type=\"container\" data-e-type=\"container\" data-settings=\"{&quot;background_background&quot;:&quot;classic&quot;}\">\n\t\t\t\t<div class=\"elementor-element elementor-element-a862a26 elementor-widget elementor-widget-spacer\" data-id=\"a862a26\" data-element_type=\"widget\" data-e-type=\"widget\" data-widget_type=\"spacer.default\">\n\t\t\t\t<div class=\"elementor-widget-container\">\n\t\t\t\t\t\t\t<div class=\"elementor-spacer\">\n\t\t\t<div class=\"elementor-spacer-inner\"><\/div>\n\t\t<\/div>\n\t\t\t\t\t\t<\/div>\n\t\t\t\t<\/div>\n\t\t\t\t<\/div>\n\t\t<div class=\"elementor-element elementor-element-ab6c86a e-con-full e-flex e-con e-child\" data-id=\"ab6c86a\" data-element_type=\"container\" data-e-type=\"container\">\n\t\t\t\t<div class=\"elementor-element elementor-element-45046c2 elementor-widget__width-initial elementor-widget elementor-widget-heading\" data-id=\"45046c2\" data-element_type=\"widget\" data-e-type=\"widget\" data-widget_type=\"heading.default\">\n\t\t\t\t<div class=\"elementor-widget-container\">\n\t\t\t\t\t<h2 class=\"elementor-heading-title elementor-size-default\">Datos primarios o promedio: el coste oculto de un c\u00e1lculo inexacto de carbono<\/h2>\t\t\t\t<\/div>\n\t\t\t\t<\/div>\n\t\t\t\t<div class=\"elementor-element elementor-element-67467cb elementor-widget__width-initial elementor-view-default elementor-widget elementor-widget-icon\" data-id=\"67467cb\" data-element_type=\"widget\" data-e-type=\"widget\" data-widget_type=\"icon.default\">\n\t\t\t\t<div class=\"elementor-widget-container\">\n\t\t\t\t\t\t\t<div class=\"elementor-icon-wrapper\">\n\t\t\t<a class=\"elementor-icon\" href=\"https:\/\/envoltaglobal.com\/es\/construccion\/datos-primarios-o-promedio-el-coste-oculto-de-un-calculo-inexacto-de-carbono\/\">\n\t\t\t<svg xmlns=\"http:\/\/www.w3.org\/2000\/svg\" width=\"22\" height=\"22\" viewBox=\"0 0 22 22\" fill=\"none\"><path d=\"M2.66927 21.9997L0.335938 19.6663L16.3359 3.66634H2.0026V0.333008H22.0026V20.333H18.6693V5.99967L2.66927 21.9997Z\" fill=\"#1F1F1F\"><\/path><\/svg>\t\t\t<\/a>\n\t\t<\/div>\n\t\t\t\t\t\t<\/div>\n\t\t\t\t<\/div>\n\t\t\t\t<\/div>\n\t\t<div class=\"elementor-element elementor-element-45f31ab e-con-full e-flex e-con e-child\" data-id=\"45f31ab\" data-element_type=\"container\" data-e-type=\"container\">\n\t\t\t\t<div class=\"elementor-element elementor-element-1ff5c59 elementor-widget elementor-widget-heading\" data-id=\"1ff5c59\" data-element_type=\"widget\" data-e-type=\"widget\" data-widget_type=\"heading.default\">\n\t\t\t\t<div class=\"elementor-widget-container\">\n\t\t\t\t\t<h2 class=\"elementor-heading-title elementor-size-default\">11 de junio de 2026<\/h2>\t\t\t\t<\/div>\n\t\t\t\t<\/div>\n\t\t\t\t<div class=\"elementor-element elementor-element-d385c8f elementor-widget elementor-widget-text-editor\" data-id=\"d385c8f\" data-element_type=\"widget\" data-e-type=\"widget\" data-widget_type=\"text-editor.default\">\n\t\t\t\t<div class=\"elementor-widget-container\">\n\t\t\t\t\t\t\t\t\tCalcular la huella de un edificio con valores gen\u00e9ricos de bases de datos sobreestima el impacto y oculta la mejora real a los proveedores. La precisi\u00f3n de los datos tiene consecuencias t\u00e9cnicas y econ\u00f3micas. \t\t\t\t\t\t\t\t<\/div>\n\t\t\t\t<\/div>\n\t\t\t\t<\/div>\n\t\t\t\t\t<\/div>\n\t\t\t\t<\/div>\n\t\t\t\t<\/div>\n\t\t<style id=\"loop-dynamic-2387\">.e-loop-item-3968 .elementor-element.elementor-element-a7bfbdf:not(.elementor-motion-effects-element-type-background), .e-loop-item-3968 .elementor-element.elementor-element-a7bfbdf > .elementor-motion-effects-container > .elementor-motion-effects-layer{background-image:url(\"https:\/\/envoltaglobal.com\/wp-content\/uploads\/2026\/06\/article-14-scaled.jpg\");}<\/style>\t\t<div data-elementor-type=\"loop-item\" data-elementor-id=\"2387\" class=\"elementor elementor-2387 elementor-1411 elementor-1411 e-loop-item e-loop-item-3968 post-3968 post type-post status-publish format-standard has-post-thumbnail hentry category-construccion\" data-elementor-post-type=\"elementor_library\" data-custom-edit-handle=\"1\">\n\t\t\t<div class=\"make-column-clickable-elementor elementor-element elementor-element-9499b3b e-flex e-con-boxed e-con e-parent\" style=\"cursor: pointer;\" data-column-clickable=\"https:\/\/envoltaglobal.com\/es\/construccion\/leed-breeam-y-verde-que-piden-y-por-que-cuentan-cada-vez-mas\/\" data-column-clickable-blank=\"_self\" data-id=\"9499b3b\" data-element_type=\"container\" data-e-type=\"container\">\n\t\t\t\t\t<div class=\"e-con-inner\">\n\t\t<div class=\"elementor-element elementor-element-a7bfbdf e-con-full e-flex e-con e-child\" data-id=\"a7bfbdf\" data-element_type=\"container\" data-e-type=\"container\" data-settings=\"{&quot;background_background&quot;:&quot;classic&quot;}\">\n\t\t\t\t<div class=\"elementor-element elementor-element-a862a26 elementor-widget elementor-widget-spacer\" data-id=\"a862a26\" data-element_type=\"widget\" data-e-type=\"widget\" data-widget_type=\"spacer.default\">\n\t\t\t\t<div class=\"elementor-widget-container\">\n\t\t\t\t\t\t\t<div class=\"elementor-spacer\">\n\t\t\t<div class=\"elementor-spacer-inner\"><\/div>\n\t\t<\/div>\n\t\t\t\t\t\t<\/div>\n\t\t\t\t<\/div>\n\t\t\t\t<\/div>\n\t\t<div class=\"elementor-element elementor-element-ab6c86a e-con-full e-flex e-con e-child\" data-id=\"ab6c86a\" data-element_type=\"container\" data-e-type=\"container\">\n\t\t\t\t<div class=\"elementor-element elementor-element-45046c2 elementor-widget__width-initial elementor-widget elementor-widget-heading\" data-id=\"45046c2\" data-element_type=\"widget\" data-e-type=\"widget\" data-widget_type=\"heading.default\">\n\t\t\t\t<div class=\"elementor-widget-container\">\n\t\t\t\t\t<h2 class=\"elementor-heading-title elementor-size-default\">LEED, BREEAM y VERDE: qu\u00e9 piden y por qu\u00e9 cuentan cada vez m\u00e1s<\/h2>\t\t\t\t<\/div>\n\t\t\t\t<\/div>\n\t\t\t\t<div class=\"elementor-element elementor-element-67467cb elementor-widget__width-initial elementor-view-default elementor-widget elementor-widget-icon\" data-id=\"67467cb\" data-element_type=\"widget\" data-e-type=\"widget\" data-widget_type=\"icon.default\">\n\t\t\t\t<div class=\"elementor-widget-container\">\n\t\t\t\t\t\t\t<div class=\"elementor-icon-wrapper\">\n\t\t\t<a class=\"elementor-icon\" href=\"https:\/\/envoltaglobal.com\/es\/construccion\/leed-breeam-y-verde-que-piden-y-por-que-cuentan-cada-vez-mas\/\">\n\t\t\t<svg xmlns=\"http:\/\/www.w3.org\/2000\/svg\" width=\"22\" height=\"22\" viewBox=\"0 0 22 22\" fill=\"none\"><path d=\"M2.66927 21.9997L0.335938 19.6663L16.3359 3.66634H2.0026V0.333008H22.0026V20.333H18.6693V5.99967L2.66927 21.9997Z\" fill=\"#1F1F1F\"><\/path><\/svg>\t\t\t<\/a>\n\t\t<\/div>\n\t\t\t\t\t\t<\/div>\n\t\t\t\t<\/div>\n\t\t\t\t<\/div>\n\t\t<div class=\"elementor-element elementor-element-45f31ab e-con-full e-flex e-con e-child\" data-id=\"45f31ab\" data-element_type=\"container\" data-e-type=\"container\">\n\t\t\t\t<div class=\"elementor-element elementor-element-1ff5c59 elementor-widget elementor-widget-heading\" data-id=\"1ff5c59\" data-element_type=\"widget\" data-e-type=\"widget\" data-widget_type=\"heading.default\">\n\t\t\t\t<div class=\"elementor-widget-container\">\n\t\t\t\t\t<h2 class=\"elementor-heading-title elementor-size-default\">11 de junio de 2026<\/h2>\t\t\t\t<\/div>\n\t\t\t\t<\/div>\n\t\t\t\t<div class=\"elementor-element elementor-element-d385c8f elementor-widget elementor-widget-text-editor\" data-id=\"d385c8f\" data-element_type=\"widget\" data-e-type=\"widget\" data-widget_type=\"text-editor.default\">\n\t\t\t\t<div class=\"elementor-widget-container\">\n\t\t\t\t\t\t\t\t\tLas certificaciones medioambientales de la construcci\u00f3n han dejado de ser una insignia voluntaria para convertirse en un criterio que pesa en licitaciones, alquileres y valoraciones de activos.\t\t\t\t\t\t\t\t<\/div>\n\t\t\t\t<\/div>\n\t\t\t\t<\/div>\n\t\t\t\t\t<\/div>\n\t\t\t\t<\/div>\n\t\t\t\t<\/div>\n\t\t\t\t<\/div>\n\t\t\n\t\t\t\t<div class=\"e-load-more-anchor\" data-page=\"1\" data-max-page=\"3\" data-next-page=\"https:\/\/envoltaglobal.com\/es\/?e-page-a3b97aa=2\"><\/div>\n\t\t\t\t<nav class=\"elementor-pagination\" aria-label=\"Paginaci\u00f3n\">\n\t\t\t<span class=\"page-numbers prev\">Anterior<\/span>\n<a class=\"page-numbers next\" href=\"https:\/\/envoltaglobal.com\/es\/?e-page-a3b97aa=2\">Siguiente<\/a>\t\t<\/nav>\n\t\t\t\t\t\t<\/div>\n\t\t\t\t<\/div>\n\t\t\t\t\t<\/div>\n\t\t\t\t<\/div>\n\t\t\t\t<\/div>\n\t\t","protected":false},"excerpt":{"rendered":"<p>Noticias Construcci\u00f3 Consultoria Energia Todos<\/p>\n","protected":false},"author":2,"featured_media":0,"parent":0,"menu_order":0,"comment_status":"closed","ping_status":"closed","template":"","meta":{"_acf_changed":false,"inline_featured_image":false,"footnotes":""},"class_list":["post-4047","page","type-page","status-publish","hentry"],"acf":[],"yoast_head":"<!-- This site is optimized with the Yoast SEO plugin v28.1 - https:\/\/yoast.com\/product\/yoast-seo-wordpress\/ -->\n<title>\u25b7Noticias - \u3010 Envolta Global \u3011<\/title>\n<meta name=\"description\" content=\"Noticias          Construcci\u00f3    Consultoria    Energia        Todos \u2713\" \/>\n<meta name=\"robots\" content=\"index, follow, max-snippet:-1, max-image-preview:large, max-video-preview:-1\" \/>\n<link rel=\"canonical\" href=\"https:\/\/envoltaglobal.com\/es\/noticias-2\/\" \/>\n<meta property=\"og:locale\" content=\"es_ES\" \/>\n<meta property=\"og:type\" content=\"article\" \/>\n<meta property=\"og:title\" content=\"\u25b7Noticias - \u3010 Envolta Global \u3011\" \/>\n<meta property=\"og:description\" content=\"Noticias          Construcci\u00f3    Consultoria    Energia        Todos \u2713\" \/>\n<meta property=\"og:url\" content=\"https:\/\/envoltaglobal.com\/es\/noticias-2\/\" \/>\n<meta property=\"og:site_name\" content=\"Envolta Global\" \/>\n<meta property=\"article:modified_time\" content=\"2026-08-11T11:50:31+00:00\" \/>\n<meta name=\"twitter:card\" content=\"summary_large_image\" \/>\n<script type=\"application\/ld+json\" class=\"yoast-schema-graph\">{\"@context\":\"https:\\\/\\\/schema.org\",\"@graph\":[{\"@type\":\"WebPage\",\"@id\":\"https:\\\/\\\/envoltaglobal.com\\\/es\\\/noticias-2\\\/\",\"url\":\"https:\\\/\\\/envoltaglobal.com\\\/es\\\/noticias-2\\\/\",\"name\":\"\u25b7Noticias - \u3010 Envolta Global \u3011\",\"isPartOf\":{\"@id\":\"https:\\\/\\\/envoltaglobal.com\\\/es\\\/#website\"},\"datePublished\":\"2026-06-19T09:29:19+00:00\",\"dateModified\":\"2026-08-11T11:50:31+00:00\",\"description\":\"Noticias Construcci\u00f3 Consultoria Energia Todos \u2713\",\"breadcrumb\":{\"@id\":\"https:\\\/\\\/envoltaglobal.com\\\/es\\\/noticias-2\\\/#breadcrumb\"},\"inLanguage\":\"es\",\"potentialAction\":[{\"@type\":\"ReadAction\",\"target\":[\"https:\\\/\\\/envoltaglobal.com\\\/es\\\/noticias-2\\\/\"]}]},{\"@type\":\"BreadcrumbList\",\"@id\":\"https:\\\/\\\/envoltaglobal.com\\\/es\\\/noticias-2\\\/#breadcrumb\",\"itemListElement\":[{\"@type\":\"ListItem\",\"position\":1,\"name\":\"Portada\",\"item\":\"https:\\\/\\\/envoltaglobal.com\\\/es\\\/hombre\\\/\"},{\"@type\":\"ListItem\",\"position\":2,\"name\":\"Noticias\"}]},{\"@type\":\"WebSite\",\"@id\":\"https:\\\/\\\/envoltaglobal.com\\\/es\\\/#website\",\"url\":\"https:\\\/\\\/envoltaglobal.com\\\/es\\\/\",\"name\":\"Envolta Global\",\"description\":\"Envolta\",\"publisher\":{\"@id\":\"https:\\\/\\\/envoltaglobal.com\\\/es\\\/#organization\"},\"potentialAction\":[{\"@type\":\"SearchAction\",\"target\":{\"@type\":\"EntryPoint\",\"urlTemplate\":\"https:\\\/\\\/envoltaglobal.com\\\/es\\\/?s={search_term_string}\"},\"query-input\":{\"@type\":\"PropertyValueSpecification\",\"valueRequired\":true,\"valueName\":\"search_term_string\"}}],\"inLanguage\":\"es\"},{\"@type\":\"Organization\",\"@id\":\"https:\\\/\\\/envoltaglobal.com\\\/es\\\/#organization\",\"name\":\"Envolta Global\",\"url\":\"https:\\\/\\\/envoltaglobal.com\\\/es\\\/\",\"logo\":{\"@type\":\"ImageObject\",\"inLanguage\":\"es\",\"@id\":\"https:\\\/\\\/envoltaglobal.com\\\/es\\\/#\\\/schema\\\/logo\\\/image\\\/\",\"url\":\"https:\\\/\\\/envoltaglobal.com\\\/wp-content\\\/uploads\\\/2026\\\/06\\\/cropped-Envolta_energia-logo.png\",\"contentUrl\":\"https:\\\/\\\/envoltaglobal.com\\\/wp-content\\\/uploads\\\/2026\\\/06\\\/cropped-Envolta_energia-logo.png\",\"width\":1257,\"height\":198,\"caption\":\"Envolta Global\"},\"image\":{\"@id\":\"https:\\\/\\\/envoltaglobal.com\\\/es\\\/#\\\/schema\\\/logo\\\/image\\\/\"}}]}<\/script>\n<!-- \/ Yoast SEO plugin. -->","yoast_head_json":{"title":"\u25b7Noticias - \u3010 Envolta Global \u3011","description":"Noticias          Construcci\u00f3    Consultoria    Energia        Todos \u2713","robots":{"index":"index","follow":"follow","max-snippet":"max-snippet:-1","max-image-preview":"max-image-preview:large","max-video-preview":"max-video-preview:-1"},"canonical":"https:\/\/envoltaglobal.com\/es\/noticias-2\/","og_locale":"es_ES","og_type":"article","og_title":"\u25b7Noticias - \u3010 Envolta Global \u3011","og_description":"Noticias          Construcci\u00f3    Consultoria    Energia        Todos \u2713","og_url":"https:\/\/envoltaglobal.com\/es\/noticias-2\/","og_site_name":"Envolta Global","article_modified_time":"2026-08-11T11:50:31+00:00","twitter_card":"summary_large_image","schema":{"@context":"https:\/\/schema.org","@graph":[{"@type":"WebPage","@id":"https:\/\/envoltaglobal.com\/es\/noticias-2\/","url":"https:\/\/envoltaglobal.com\/es\/noticias-2\/","name":"\u25b7Noticias - \u3010 Envolta Global \u3011","isPartOf":{"@id":"https:\/\/envoltaglobal.com\/es\/#website"},"datePublished":"2026-06-19T09:29:19+00:00","dateModified":"2026-08-11T11:50:31+00:00","description":"Noticias Construcci\u00f3 Consultoria Energia Todos \u2713","breadcrumb":{"@id":"https:\/\/envoltaglobal.com\/es\/noticias-2\/#breadcrumb"},"inLanguage":"es","potentialAction":[{"@type":"ReadAction","target":["https:\/\/envoltaglobal.com\/es\/noticias-2\/"]}]},{"@type":"BreadcrumbList","@id":"https:\/\/envoltaglobal.com\/es\/noticias-2\/#breadcrumb","itemListElement":[{"@type":"ListItem","position":1,"name":"Portada","item":"https:\/\/envoltaglobal.com\/es\/hombre\/"},{"@type":"ListItem","position":2,"name":"Noticias"}]},{"@type":"WebSite","@id":"https:\/\/envoltaglobal.com\/es\/#website","url":"https:\/\/envoltaglobal.com\/es\/","name":"Envolta Global","description":"Envolta","publisher":{"@id":"https:\/\/envoltaglobal.com\/es\/#organization"},"potentialAction":[{"@type":"SearchAction","target":{"@type":"EntryPoint","urlTemplate":"https:\/\/envoltaglobal.com\/es\/?s={search_term_string}"},"query-input":{"@type":"PropertyValueSpecification","valueRequired":true,"valueName":"search_term_string"}}],"inLanguage":"es"},{"@type":"Organization","@id":"https:\/\/envoltaglobal.com\/es\/#organization","name":"Envolta Global","url":"https:\/\/envoltaglobal.com\/es\/","logo":{"@type":"ImageObject","inLanguage":"es","@id":"https:\/\/envoltaglobal.com\/es\/#\/schema\/logo\/image\/","url":"https:\/\/envoltaglobal.com\/wp-content\/uploads\/2026\/06\/cropped-Envolta_energia-logo.png","contentUrl":"https:\/\/envoltaglobal.com\/wp-content\/uploads\/2026\/06\/cropped-Envolta_energia-logo.png","width":1257,"height":198,"caption":"Envolta Global"},"image":{"@id":"https:\/\/envoltaglobal.com\/es\/#\/schema\/logo\/image\/"}}]}},"_links":{"self":[{"href":"https:\/\/envoltaglobal.com\/es\/wp-json\/wp\/v2\/pages\/4047","targetHints":{"allow":["GET"]}}],"collection":[{"href":"https:\/\/envoltaglobal.com\/es\/wp-json\/wp\/v2\/pages"}],"about":[{"href":"https:\/\/envoltaglobal.com\/es\/wp-json\/wp\/v2\/types\/page"}],"author":[{"embeddable":true,"href":"https:\/\/envoltaglobal.com\/es\/wp-json\/wp\/v2\/users\/2"}],"replies":[{"embeddable":true,"href":"https:\/\/envoltaglobal.com\/es\/wp-json\/wp\/v2\/comments?post=4047"}],"version-history":[{"count":1,"href":"https:\/\/envoltaglobal.com\/es\/wp-json\/wp\/v2\/pages\/4047\/revisions"}],"predecessor-version":[{"id":4049,"href":"https:\/\/envoltaglobal.com\/es\/wp-json\/wp\/v2\/pages\/4047\/revisions\/4049"}],"wp:attachment":[{"href":"https:\/\/envoltaglobal.com\/es\/wp-json\/wp\/v2\/media?parent=4047"}],"curies":[{"name":"wp","href":"https:\/\/api.w.org\/{rel}","templated":true}]}}